{"id":41097,"date":"2025-05-04T15:17:23","date_gmt":"2025-05-04T13:17:23","guid":{"rendered":"https:\/\/pelletkachelvoordeel.be\/product\/rosa\/"},"modified":"2026-07-20T16:13:14","modified_gmt":"2026-07-20T14:13:14","slug":"poele-a-pellets-rosa-10kw-2","status":"publish","type":"product","link":"https:\/\/pelletkachelvoordeel.be\/fr\/pelletkachels\/pelletkachel-rosa-10kw\/","title":{"rendered":"Po\u00eale \u00e0 pellets Rosa 10kW d'Eva Calor"},"content":{"rendered":"<p class=\"\" data-start=\"810\" data-end=\"889\"><strong data-start=\"810\" data-end=\"887\"><strong data-start=\"810\" data-end=\"887\">Po\u00eale \u00e0 pellets <\/strong>Rosa 10 kW\u00a0<\/strong><strong data-start=\"810\" data-end=\"887\">Eva Calor <\/strong><strong data-start=\"810\" data-end=\"887\">\u00a0- puissance compacte et design italien<\/strong><\/p>\n<p class=\"\" data-start=\"891\" data-end=\"1244\">Les<strong data-start=\"894\" data-end=\"922\">\u00a010 kW<\/strong><strong data-start=\"894\" data-end=\"922\">\u00a0Rosa<\/strong>\u00a0<strong data-start=\"894\" data-end=\"922\">Po\u00eale \u00e0 pellets<\/strong>\u00a0de <strong data-start=\"927\" data-end=\"940\">Eva Calor<\/strong> est la solution id\u00e9ale pour ceux qui recherchent un <strong data-start=\"995\" data-end=\"1050\">po\u00eale \u00e0 pellets \u00e9conome en \u00e9nergie, compact et \u00e9l\u00e9gant<\/strong>. Avec un <strong data-start=\"1060\" data-end=\"1092\">puissance nominale de 10 kW<\/strong> et un rendement allant jusqu'\u00e0 <strong data-start=\"1114\" data-end=\"1123\">94,5%<\/strong> Rosa chauffe les pi\u00e8ces jusqu'\u00e0 <strong data-start=\"1153\" data-end=\"1163\">300 m\u00b3<\/strong>alors que la consommation de granul\u00e9s est limit\u00e9e \u00e0 <strong data-start=\"1219\" data-end=\"1243\">1,0 - 2,3 kg par heure<\/strong>.<\/p>\n<p class=\"\" data-start=\"1246\" data-end=\"1509\">Ce po\u00eale \u00e0 granul\u00e9s est con\u00e7u avec le souci du d\u00e9tail : la <strong data-start=\"1302\" data-end=\"1345\">verre frontal noir avec gravure d\u00e9corative<\/strong>, le <strong data-start=\"1350\" data-end=\"1377\">poign\u00e9e amovible<\/strong> et le <strong data-start=\"1385\" data-end=\"1420\">format \u00e9pais (102,6 cm de haut)<\/strong> font de Rosa un compl\u00e9ment \u00e9l\u00e9gant \u00e0 tout int\u00e9rieur, qu'il soit moderne ou rustique.<\/p>\n<p class=\"\" data-start=\"1511\" data-end=\"1724\">Les <strong data-start=\"1514\" data-end=\"1542\">technologie de pointe<\/strong> facilite son utilisation : un <strong data-start=\"1576\" data-end=\"1597\">menu en six langues<\/strong>, <strong data-start=\"1599\" data-end=\"1635\">cinq niveaux de puissance r\u00e9glables<\/strong>et un <strong data-start=\"1644\" data-end=\"1680\">programmateur avec thermostat<\/strong> garantissent un maximum de confort et de contr\u00f4le.<\/p>\n<p class=\"\" data-start=\"1726\" data-end=\"2043\">Gr\u00e2ce \u00e0 la <strong data-start=\"1738\" data-end=\"1770\">syst\u00e8me de combustion ferm\u00e9<\/strong>, le <strong data-start=\"1775\" data-end=\"1801\">thermostat de s\u00e9curit\u00e9<\/strong>et la possibilit\u00e9 de se connecter \u00e0 un <strong data-start=\"1845\" data-end=\"1874\">syst\u00e8me de thermostat externe<\/strong>Ce po\u00eale \u00e0 granul\u00e9s est particuli\u00e8rement adapt\u00e9 aux maisons bien isol\u00e9es et \u00e9tanches. Les <strong data-start=\"1966\" data-end=\"2006\">sortie sup\u00e9rieure ou invers\u00e9e des gaz de combustion<\/strong> offre une grande souplesse de placement.<\/p>\n<p class=\"\" data-start=\"2045\" data-end=\"2075\"><strong data-start=\"2045\" data-end=\"2073\">Points forts techniques :<\/strong><\/p>\n<ul data-start=\"2076\" data-end=\"2389\">\n<li class=\"\" data-start=\"2076\" data-end=\"2115\">\n<p class=\"\" data-start=\"2078\" data-end=\"2115\"><strong data-start=\"2078\" data-end=\"2100\">Puissance nominale :<\/strong> 4,5 - 9,9 kW<\/p>\n<\/li>\n<li class=\"\" data-start=\"2116\" data-end=\"2144\">\n<p class=\"\" data-start=\"2118\" data-end=\"2144\"><strong data-start=\"2118\" data-end=\"2132\">Efficacit\u00e9 :<\/strong> \u00e0 94,5%<\/p>\n<\/li>\n<li class=\"\" data-start=\"2145\" data-end=\"2183\">\n<p class=\"\" data-start=\"2147\" data-end=\"2183\"><strong data-start=\"2147\" data-end=\"2166\">Consommation de granul\u00e9s :<\/strong> 1,0 - 2,3 kg\/h<\/p>\n<\/li>\n<li class=\"\" data-start=\"2184\" data-end=\"2218\">\n<p class=\"\" data-start=\"2186\" data-end=\"2218\"><strong data-start=\"2186\" data-end=\"2210\">Capacit\u00e9 du r\u00e9servoir :<\/strong> 15 kg<\/p>\n<\/li>\n<li class=\"\" data-start=\"2219\" data-end=\"2241\">\n<p class=\"\" data-start=\"2221\" data-end=\"2241\"><strong data-start=\"2221\" data-end=\"2233\">Poids :<\/strong> 78 kg<\/p>\n<\/li>\n<li class=\"\" data-start=\"2242\" data-end=\"2296\">\n<p class=\"\" data-start=\"2244\" data-end=\"2296\"><strong data-start=\"2244\" data-end=\"2259\">Dimensions :<\/strong> 48,0 x 49,6 x 102,6 cm (L x P x H)<\/p>\n<\/li>\n<li class=\"\" data-start=\"2297\" data-end=\"2351\">\n<p class=\"\" data-start=\"2299\" data-end=\"2351\"><strong data-start=\"2299\" data-end=\"2349\">Fonctionnement silencieux avec ventilation forc\u00e9e<\/strong><\/p>\n<\/li>\n<li class=\"\" data-start=\"2352\" data-end=\"2389\">\n<p class=\"\" data-start=\"2354\" data-end=\"2389\"><strong data-start=\"2354\" data-end=\"2387\">Sortie des gaz de combustion au-dessus ou derri\u00e8re<\/strong><\/p>\n<\/li>\n<\/ul>\n<p class=\"\" data-start=\"2391\" data-end=\"2474\"><strong data-start=\"2391\" data-end=\"2417\">Disponible en option :<\/strong> t\u00e9l\u00e9commande, module WiFi, plaque de protection du sol<\/p>\n<p class=\"\" data-start=\"2476\" data-end=\"2617\">Choisir le <strong data-start=\"2489\" data-end=\"2520\">Po\u00eale \u00e0 granul\u00e9s Eva Calor Rosa<\/strong> si vous \u00eates \u00e0 la recherche d'un <strong data-start=\"2543\" data-end=\"2591\">une solution fiable, s\u00fbre et \u00e9l\u00e9gante<\/strong> pour le chauffage durable.<\/p>","protected":false},"excerpt":{"rendered":"<p class=\"\" data-start=\"167\" data-end=\"368\"><strong data-start=\"167\" data-end=\"205\">Po\u00eale \u00e0 pellets<\/strong><strong data-start=\"167\" data-end=\"205\">\u00a0Rosa 10 kW<\/strong>\u00a0<strong data-start=\"167\" data-end=\"205\">Eva Calor<\/strong><strong data-start=\"167\" data-end=\"205\">\u00a0<\/strong>- \u00e9l\u00e9gant, compact et puissant. Ce po\u00eale \u00e0 granul\u00e9s moderne fournit une chaleur efficace pour les pi\u00e8ces de taille moyenne \u00e0 grande et est id\u00e9al pour les maisons \u00e0 faible consommation d'\u00e9nergie.<\/p>\n<p class=\"\" data-start=\"370\" data-end=\"400\"><strong data-start=\"370\" data-end=\"398\">Caract\u00e9ristiques principales :<\/strong><\/p>\n<ul data-start=\"401\" data-end=\"744\">\n<li class=\"\" data-start=\"401\" data-end=\"468\">\n<p class=\"\" data-start=\"403\" data-end=\"468\"><strong data-start=\"403\" data-end=\"432\">Puissance de 4,5 \u00e0 9,9 kW<\/strong>Convient pour des locaux jusqu'\u00e0 300 m\u00b3<\/p>\n<\/li>\n<li class=\"\" data-start=\"469\" data-end=\"529\">\n<p class=\"\" data-start=\"471\" data-end=\"529\"><strong data-start=\"471\" data-end=\"501\">Rendement \u00e9lev\u00e9 jusqu'\u00e0 94,5%<\/strong>et donc une consommation de granul\u00e9s plus faible<\/p>\n<\/li>\n<li class=\"\" data-start=\"530\" data-end=\"602\">\n<p class=\"\" data-start=\"532\" data-end=\"602\"><strong data-start=\"532\" data-end=\"551\">Design \u00e9l\u00e9gant<\/strong> avec verre grav\u00e9 noir et poign\u00e9e amovible<\/p>\n<\/li>\n<li class=\"\" data-start=\"603\" data-end=\"657\">\n<p class=\"\" data-start=\"605\" data-end=\"657\"><strong data-start=\"605\" data-end=\"655\">Raccordement du conduit de fum\u00e9e par le haut et par l'arri\u00e8re<\/strong><\/p>\n<\/li>\n<li class=\"\" data-start=\"658\" data-end=\"744\">\n<p class=\"\" data-start=\"660\" data-end=\"744\"><strong data-start=\"660\" data-end=\"691\">Affichage convivial<\/strong> avec menu en 6 langues et thermostat programmable<\/p>\n<\/li>\n<\/ul>","protected":false},"featured_media":41101,"comment_status":"open","ping_status":"closed","template":"","meta":{"_acf_changed":false},"product_brand":[670],"product_cat":[616],"product_tag":[753,745,741,694,752,740,747],"class_list":["post-41097","product","type-product","status-publish","has-post-thumbnail","product_brand-eva-calor","product_cat-pelletkachels","product_tag-automatische-pelletkachel","product_tag-energiezuinige-kachel","product_tag-houtpelletkachel","product_tag-italiaanse-pelletkachel","product_tag-kachel-voor-woonkamer","product_tag-pelletkachel","product_tag-pelletverwarming","pa_kleur-rood","pa_kleur-wit","pa_kleur-zwart","first","outofstock","sale","featured","taxable","shipping-taxable","purchasable","product-type-variable","wvs-archive-product-wrapper"],"acf":[],"_links":{"self":[{"href":"https:\/\/pelletkachelvoordeel.be\/fr\/wp-json\/wp\/v2\/product\/41097","targetHints":{"allow":["GET"]}}],"collection":[{"href":"https:\/\/pelletkachelvoordeel.be\/fr\/wp-json\/wp\/v2\/product"}],"about":[{"href":"https:\/\/pelletkachelvoordeel.be\/fr\/wp-json\/wp\/v2\/types\/product"}],"replies":[{"embeddable":true,"href":"https:\/\/pelletkachelvoordeel.be\/fr\/wp-json\/wp\/v2\/comments?post=41097"}],"version-history":[{"count":0,"href":"https:\/\/pelletkachelvoordeel.be\/fr\/wp-json\/wp\/v2\/product\/41097\/revisions"}],"wp:featuredmedia":[{"embeddable":true,"href":"https:\/\/pelletkachelvoordeel.be\/fr\/wp-json\/wp\/v2\/media\/41101"}],"wp:attachment":[{"href":"https:\/\/pelletkachelvoordeel.be\/fr\/wp-json\/wp\/v2\/media?parent=41097"}],"wp:term":[{"taxonomy":"product_brand","embeddable":true,"href":"https:\/\/pelletkachelvoordeel.be\/fr\/wp-json\/wp\/v2\/product_brand?post=41097"},{"taxonomy":"product_cat","embeddable":true,"href":"https:\/\/pelletkachelvoordeel.be\/fr\/wp-json\/wp\/v2\/product_cat?post=41097"},{"taxonomy":"product_tag","embeddable":true,"href":"https:\/\/pelletkachelvoordeel.be\/fr\/wp-json\/wp\/v2\/product_tag?post=41097"}],"curies":[{"name":"wp","href":"https:\/\/api.w.org\/{rel}","templated":true}]}}